{"id":378,"date":"2018-04-05T23:51:53","date_gmt":"2018-04-05T23:51:53","guid":{"rendered":"https:\/\/nai.is\/?page_id=378"},"modified":"2025-07-03T16:53:10","modified_gmt":"2025-07-03T16:53:10","slug":"hlutverk-sos","status":"publish","type":"page","link":"https:\/\/nai.is\/en\/um-na\/thjonustur\/hlutverk-sos\/","title":{"rendered":"Hlutverk SOS"},"content":{"rendered":"<div data-elementor-type=\"wp-post\" data-elementor-id=\"378\" class=\"elementor elementor-378\">\n\t\t\t\t\t\t<section class=\"elementor-section elementor-top-section elementor-element elementor-element-293adffb elementor-section-boxed elementor-section-height-default elementor-section-height-default\" data-id=\"293adffb\" data-element_type=\"section\" data-e-type=\"section\">\n\t\t\t\t\t\t<div class=\"elementor-container elementor-column-gap-default\">\n\t\t\t\t\t<div class=\"elementor-column elementor-col-100 elementor-top-column elementor-element elementor-element-3d820d4d\" data-id=\"3d820d4d\" data-element_type=\"column\" data-e-type=\"column\">\n\t\t\t<div class=\"elementor-widget-wrap elementor-element-populated\">\n\t\t\t\t\t\t<div class=\"elementor-element elementor-element-676c01bb elementor-widget elementor-widget-text-editor\" data-id=\"676c01bb\" data-element_type=\"widget\" data-e-type=\"widget\" data-widget_type=\"text-editor.default\">\n\t\t\t\t<div class=\"elementor-widget-container\">\n\t\t\t\t\t\t\t\t\t<h2><b>\u00dej\u00f3nusta vi\u00f0 sj\u00fakrah\u00fas og stofnanir<\/b><\/h2><div><b>\u00c1byrg\u00f0ir<\/b><\/div><div>Sj\u00fakrah\u00fas og Stofnanir e\u00f0a SOS \u2028samanstendur af formanni, varaformanni og ritara. \u00c1byrg\u00f0 nefndarinnar eru:<\/div><div><ul><li>A\u00f0 sameina t\u00f3lfta spors starf allra deilda innan NA samtakana.<\/li><li>A\u00f0 halda utan um og manna fundi NA \u00e1 sj\u00fakrah\u00fasum og stofnunum.<\/li><li>Sj\u00e1 um a\u00f0 \u00fatvega sj\u00fakrah\u00fasum og stofnunum lesefni NA samtakana og fundarskr\u00e1r.<\/li><li>Ber \u00e1byrg\u00f0 \u00e1 a\u00f0 \u00feeir sem fara me\u00f0 fundi s\u00e9u vel uppl\u00fdstir um hlutverk s\u00edn.<\/li><li>S\u00e9r um ney\u00f0ars\u00edma samtakana.<ul><li>Ney\u00f0ars\u00edminn skal vera opinn allann s\u00f3larhringinn.<\/li><li>Edr\u00fat\u00edmi til a\u00f0 svara \u00ed ney\u00f0ars\u00edmann skal vera 6 m\u00e1nu\u00f0ir.<\/li><li>\u2028Skal skila inn sk\u00fdrslu um s\u00edmt\u00f6l \u00e1 m\u00e1na\u00f0arlegum fundum SOS nefndar. \u2028Starfar \u00feegar \u00fe\u00f6rf krefur me\u00f0 AT nefndinni.<\/li><\/ul><\/li><li>Skal skila inn sk\u00fdrslu \u00e1 Lands\u00fej\u00f3nustufundum.<\/li><li>Sj\u00e1<span style=\"text-decoration: underline;\"><a href=\"https:\/\/na.org\/wp-content\/uploads\/2024\/06\/EN-GLS-English-Jan2024.pdf\"> A Guide to Local Services in NA<\/a><\/span><\/li><li>Starfa samkv\u00e6mt\u00a0<span style=\"text-decoration: underline;\"><a href=\"https:\/\/na.org\/wp-content\/uploads\/2024\/06\/HI-Handbook.pdf\">H&amp;I handbook fr\u00e1 WSO<\/a><\/span><\/li><\/ul><div><b>N\u00e1nar um hlutverk SOS nefndar<\/b><\/div><\/div><div><div>Undirnefnd Lands\u00fej\u00f3nustunefndar, Sj\u00fakrah\u00fas og Stofnanir (SOS), \u00fatvegar fundarmenn til \u00feess a\u00f0 bera \u00fat bo\u00f0skap NA samtakanna til f\u00edkla sem f\u00e1 oft engin \u00f6nnur t\u00e6kif\u00e6ri til a\u00f0 heyra bo\u00f0skap batans. Kj\u00f6rnir \u00e1byrg\u00f0armenn sj\u00e1 um a\u00f0 eiga samskipti vi\u00f0 skj\u00f3lst\u00e6\u00f0inga \u00e1 me\u00f0fer\u00f0arheimilum, ge\u00f0sj\u00fakrah\u00fasum og g\u00f6ngudeildum. Kj\u00f6rnir \u00e1byrg\u00f0armenn sj\u00e1 um samskipti vi\u00f0 fanga sem afpl\u00e1na \u00ed fangelsum, afpl\u00e1nunarstofnunum og r\u00e9ttarge\u00f0deildum. H\u00e6gt er a\u00f0 n\u00e1lgast handb\u00f3kina Hospitals &amp; Institutions hj\u00e1 SOS nefnd e\u00f0a\u00a0<a href=\"http:\/\/www.na.org\/admin\/include\/spaw2\/uploads\/pdf\/handbooks\/H&amp;I%20Handbook.pdf\" rel=\"nofollow\">h\u00e9r<\/a>\u00a0en \u00fear er \u00fatsk\u00fdrt til fullnustu hvernig \u00e1 a\u00f0 reka fundi, kj\u00f3sa fulltr\u00faa, eiga samskipti vi\u00f0 tengili\u00f0i stofnanna og skipuleggja st\u00f6rf nefndarinnar.<\/div><div>\u00a0<\/div><div>Umfang \u00feeirrar \u00fej\u00f3nustu sem SOS nefnd \u00e1 hverju sv\u00e6\u00f0i rekur, veltur \u00e1 nokkrum \u00fe\u00e1ttum: s\u00e1 fj\u00f6ldi me\u00f0fer\u00f0arstofnanna og fangelsa sem eru sta\u00f0sett \u00e1 sv\u00e6\u00f0inu, s\u00e1 fj\u00f6ldi f\u00e9laga innan NA sem hefur \u00e1huga \u00e1 \u00feeirri \u00fej\u00f3nustu sem SOS b\u00fd\u00f0ur og svo \u00feeirri sameiginlegu reynslu sem samf\u00e9lag NA \u00e1 hverju sv\u00e6\u00f0i b\u00fdr yfir.<\/div><div>\u00a0<\/div><div>\u00de\u00e6r skyldur sem SOS gegnir felur stundum einnig \u00ed s\u00e9r \u00fe\u00e6r skyldur sem undirnefnd Lands\u00fej\u00f3nustunefndar, Almannatengslanefnd (AT), hefur. Af \u00feessari \u00e1st\u00e6\u00f0u, hvetjum vi\u00f0 undirnefndir SOS og AT til \u00e1rangursr\u00edkra samskipta og samstarfs. \u00c1 sumum sv\u00e6\u00f0um, senda SOS og AT stundum \u00ed sameiningu einn e\u00f0a tvo me\u00f0limi \u00e1 fundi hvers annars til a\u00f0 vi\u00f0halda samskiptum, \u00ed \u00feeim tilgangi a\u00f0 draga \u00far m\u00f6guleikanum \u00e1 \u00e1rekstrum sem geta myndast \u00e1 \u00feessum stigum \u00fej\u00f3nustu.<\/div><div>\u00a0<\/div><div>Athygli skal vakin \u00e1 \u00fev\u00ed a\u00f0 h\u00e9r \u00e1 \u00cdslandi er vi\u00f0 st\u00f6rf SOS nefnd og \u00fej\u00f3nustar nefndin me\u00f0fer\u00f0arstofnanir. Til a\u00f0 afla \u00fe\u00e9r frekari uppl\u00fdsingar um \u00fej\u00f3nustu SOS nefndarinnar, e\u00f0a \u00f3skir \u00fe\u00fa eftir a\u00f0 nefndin kynni \u00fej\u00f3nustu s\u00edna fyrir me\u00f0fer\u00f0arstofnun \u00feinni, bendum vi\u00f0 vinsamlegast \u00e1 netfang Lands\u00fej\u00f3nustu NA \u00e1 \u00cdslandi, na@nai.is.<\/div><div><b>SOS listinn<\/b><\/div><div>\u00deau sem hafa \u00e1huga \u00e1 a\u00f0 fara me\u00f0 fund \u00e1 stofnun, vera til taks vi\u00f0 hj\u00e1lpars\u00edmann ea\u00f0 eru tilb\u00fain til a\u00f0 sinna 12. spors \u00fatk\u00f6llum er h\u00e6gt a\u00f0 fylla \u00fat form \u00feess efnis me\u00f0 \u00fev\u00ed a\u00f0\u00a0<a href=\"https:\/\/nai.is\/en\/soslisti\/\" target=\"_blank\" rel=\"noopener\">smella h\u00e9r<\/a>\u00a0(n\u00fd s\u00ed\u00f0a opnast).<\/div><\/div>\t\t\t\t\t\t\t\t<\/div>\n\t\t\t\t<\/div>\n\t\t\t\t\t<\/div>\n\t\t<\/div>\n\t\t\t\t\t<\/div>\n\t\t<\/section>\n\t\t\t\t<\/div>","protected":false},"excerpt":{"rendered":"<p>\u00dej\u00f3nusta vi\u00f0 sj\u00fakrah\u00fas og stofnanir \u00c1byrg\u00f0irSj\u00fakrah\u00fas og Stofnanir e\u00f0a SOS \u2028samanstendur af formanni, varaformanni og ritara. \u00c1byrg\u00f0 nefndarinnar eru: A\u00f0 sameina t\u00f3lfta spors starf allra deilda innan NA samtakana. A\u00f0 halda utan um og manna fundi NA \u00e1 sj\u00fakrah\u00fasum og stofnunum. Sj\u00e1 um a\u00f0 \u00fatvega sj\u00fakrah\u00fasum og stofnunum lesefni NA samtakana og fundarskr\u00e1r. Ber \u00e1byrg\u00f0 <a class=\"read-more\" href=\"https:\/\/nai.is\/en\/um-na\/thjonustur\/hlutverk-sos\/\">READ MORE<\/a><\/p>","protected":false},"author":16,"featured_media":0,"parent":84,"menu_order":0,"comment_status":"closed","ping_status":"closed","template":"","meta":{"_exactmetrics_skip_tracking":false,"_exactmetrics_sitenote_active":false,"_exactmetrics_sitenote_note":"","_exactmetrics_sitenote_category":0,"footnotes":"","_links_to":"","_links_to_target":""},"class_list":["post-378","page","type-page","status-publish","hentry"],"_links":{"self":[{"href":"https:\/\/nai.is\/en\/wp-json\/wp\/v2\/pages\/378","targetHints":{"allow":["GET"]}}],"collection":[{"href":"https:\/\/nai.is\/en\/wp-json\/wp\/v2\/pages"}],"about":[{"href":"https:\/\/nai.is\/en\/wp-json\/wp\/v2\/types\/page"}],"author":[{"embeddable":true,"href":"https:\/\/nai.is\/en\/wp-json\/wp\/v2\/users\/16"}],"replies":[{"embeddable":true,"href":"https:\/\/nai.is\/en\/wp-json\/wp\/v2\/comments?post=378"}],"version-history":[{"count":0,"href":"https:\/\/nai.is\/en\/wp-json\/wp\/v2\/pages\/378\/revisions"}],"up":[{"embeddable":true,"href":"https:\/\/nai.is\/en\/wp-json\/wp\/v2\/pages\/84"}],"wp:attachment":[{"href":"https:\/\/nai.is\/en\/wp-json\/wp\/v2\/media?parent=378"}],"curies":[{"name":"wp","href":"https:\/\/api.w.org\/{rel}","templated":true}]}}